{"version":"1.0","provider_name":"Tribunal Electoral de la Ciudad de M\u00e9xico","provider_url":"https:\/\/www.tecdmx.org.mx","author_name":"Difusion2025","author_url":"https:\/\/www.tecdmx.org.mx\/index.php\/autor\/difusion2025\/","title":"4\u00ba Ciclo de Di\u00e1logos Democr\u00e1ticos - Tribunal Electoral de la Ciudad de M\u00e9xico","type":"rich","width":600,"height":338,"html":"<blockquote class=\"wp-embedded-content\" data-secret=\"ypxDFamOxj\"><a href=\"https:\/\/www.tecdmx.org.mx\/index.php\/destacados\/2019\/09\/23\/4o-ciclo-de-dialogos-democraticos\/\">4\u00ba Ciclo de Di\u00e1logos Democr\u00e1ticos<\/a><\/blockquote><iframe sandbox=\"allow-scripts\" security=\"restricted\" src=\"https:\/\/www.tecdmx.org.mx\/index.php\/destacados\/2019\/09\/23\/4o-ciclo-de-dialogos-democraticos\/embed\/#?secret=ypxDFamOxj\" width=\"600\" height=\"338\" title=\"\u00ab4\u00ba Ciclo de Di\u00e1logos Democr\u00e1ticos\u00bb \u2014 Tribunal Electoral de la Ciudad de M\u00e9xico\" data-secret=\"ypxDFamOxj\" frameborder=\"0\" marginwidth=\"0\" marginheight=\"0\" scrolling=\"no\" class=\"wp-embedded-content\"><\/iframe><script type=\"text\/javascript\">\n\/* <![CDATA[ *\/\n\/*! This file is auto-generated *\/\n!function(d,l){\"use strict\";l.querySelector&&d.addEventListener&&\"undefined\"!=typeof URL&&(d.wp=d.wp||{},d.wp.receiveEmbedMessage||(d.wp.receiveEmbedMessage=function(e){var t=e.data;if((t||t.secret||t.message||t.value)&&!\/[^a-zA-Z0-9]\/.test(t.secret)){for(var s,r,n,a=l.querySelectorAll('iframe[data-secret=\"'+t.secret+'\"]'),o=l.querySelectorAll('blockquote[data-secret=\"'+t.secret+'\"]'),c=new RegExp(\"^https?:$\",\"i\"),i=0;i<o.length;i++)o[i].style.display=\"none\";for(i=0;i<a.length;i++)s=a[i],e.source===s.contentWindow&&(s.removeAttribute(\"style\"),\"height\"===t.message?(1e3<(r=parseInt(t.value,10))?r=1e3:~~r<200&&(r=200),s.height=r):\"link\"===t.message&&(r=new URL(s.getAttribute(\"src\")),n=new URL(t.value),c.test(n.protocol))&&n.host===r.host&&l.activeElement===s&&(d.top.location.href=t.value))}},d.addEventListener(\"message\",d.wp.receiveEmbedMessage,!1),l.addEventListener(\"DOMContentLoaded\",function(){for(var e,t,s=l.querySelectorAll(\"iframe.wp-embedded-content\"),r=0;r<s.length;r++)(t=(e=s[r]).getAttribute(\"data-secret\"))||(t=Math.random().toString(36).substring(2,12),e.src+=\"#?secret=\"+t,e.setAttribute(\"data-secret\",t)),e.contentWindow.postMessage({message:\"ready\",secret:t},\"*\")},!1)))}(window,document);\n\/* ]]> *\/\n<\/script>\n","description":"El Magistrado Presidente, Gustavo Anzaldo Hern\u00e1ndez particip\u00f3 en el 4\u00ba Ciclo de Di\u00e1logos Democr\u00e1ticos. Los desaf\u00edos para fortalecer la democracia en M\u00e9xico, en donde se analiz\u00f3 el papel del federalismo [&hellip;]","thumbnail_url":"http:\/\/www2.tecdmx.org.mx\/wp-content\/uploads\/2019\/11\/Di\u00e1logos-democr\u00e1ticos-1-721x350.png"}