{"id":21904,"date":"2020-09-14T14:01:34","date_gmt":"2020-09-14T19:01:34","guid":{"rendered":"https:\/\/www.tecdmx.org.mx\/?page_id=21904"},"modified":"2021-10-15T15:34:24","modified_gmt":"2021-10-15T20:34:24","slug":"coleccion-de-cuadernillos-derechos-humanos-y-genero-en-el-ambito-politico-electora-de-la-ciudad-de-mexico","status":"publish","type":"page","link":"https:\/\/www.tecdmx.org.mx\/index.php\/coleccion-de-cuadernillos-derechos-humanos-y-genero-en-el-ambito-politico-electora-de-la-ciudad-de-mexico\/","title":{"rendered":"Colecci\u00f3n de cuadernillos: Derechos Humanos y G\u00e9nero en el \u00c1mbito Pol\u00edtico Electora de la Ciudad de M\u00e9xico"},"content":{"rendered":"\n<p><strong>Colecci\u00f3n de cuadernillos: Derechos Humanos y G\u00e9nero en el \u00c1mbito Pol\u00edtico Electoral de la Ciudad de M\u00e9xico<\/strong><\/p>\n\n\n\n<div style=\"height:100px\" aria-hidden=\"true\" class=\"wp-block-spacer\"><\/div>\n\n\n\n<div class=\"wp-block-columns is-layout-flex wp-container-core-columns-layout-1 wp-block-columns-is-layout-flex\">\n<div class=\"wp-block-column is-layout-flow wp-block-column-is-layout-flow\">\n<figure class=\"wp-block-image size-full is-resized\"><a href=\"https:\/\/www.tecdmx.org.mx\/wp-content\/uploads\/2020\/09\/1_Dania-Paola-Ravel-Cuevas.pdf\"><img loading=\"lazy\" decoding=\"async\" src=\"https:\/\/www.tecdmx.org.mx\/wp-content\/uploads\/2020\/09\/Cuadernillo-1-1.png\" alt=\"\" class=\"wp-image-21927\" width=\"303\" height=\"407\"\/><\/a><\/figure>\n\n\n\n<div style=\"height:100px\" aria-hidden=\"true\" class=\"wp-block-spacer\"><\/div>\n\n\n\n<figure class=\"wp-block-image size-full\"><a href=\"https:\/\/www.tecdmx.org.mx\/wp-content\/uploads\/2021\/10\/2_Sergio-Arturo-Guerrero-Olvera.pdf\"><img loading=\"lazy\" decoding=\"async\" width=\"303\" height=\"477\" src=\"https:\/\/www.tecdmx.org.mx\/wp-content\/uploads\/2020\/09\/portadas_cuadernillos-02.png\" alt=\"\" class=\"wp-image-21928\" srcset=\"https:\/\/www.tecdmx.org.mx\/wp-content\/uploads\/2020\/09\/portadas_cuadernillos-02-159x250.png 159w, https:\/\/www.tecdmx.org.mx\/wp-content\/uploads\/2020\/09\/portadas_cuadernillos-02-222x350.png 222w, https:\/\/www.tecdmx.org.mx\/wp-content\/uploads\/2020\/09\/portadas_cuadernillos-02.png 303w\" sizes=\"(max-width: 303px) 100vw, 303px\" \/><\/a><\/figure>\n\n\n\n<div style=\"height:100px\" aria-hidden=\"true\" class=\"wp-block-spacer\"><\/div>\n\n\n\n<figure class=\"wp-block-image size-full\"><a href=\"https:\/\/www.tecdmx.org.mx\/wp-content\/uploads\/2021\/10\/3_Martha-Leticia-Mercado-Rami\u0301rez.pdf\"><img loading=\"lazy\" decoding=\"async\" width=\"303\" height=\"477\" src=\"https:\/\/www.tecdmx.org.mx\/wp-content\/uploads\/2020\/09\/portadas_cuadernillos-03.png\" alt=\"\" class=\"wp-image-21929\" srcset=\"https:\/\/www.tecdmx.org.mx\/wp-content\/uploads\/2020\/09\/portadas_cuadernillos-03-159x250.png 159w, https:\/\/www.tecdmx.org.mx\/wp-content\/uploads\/2020\/09\/portadas_cuadernillos-03-222x350.png 222w, https:\/\/www.tecdmx.org.mx\/wp-content\/uploads\/2020\/09\/portadas_cuadernillos-03.png 303w\" sizes=\"(max-width: 303px) 100vw, 303px\" \/><\/a><\/figure>\n\n\n\n<div style=\"height:100px\" aria-hidden=\"true\" class=\"wp-block-spacer\"><\/div>\n\n\n\n<figure class=\"wp-block-image size-full\"><a href=\"https:\/\/www.tecdmx.org.mx\/wp-content\/uploads\/2021\/10\/4_Armando-Ambriz-Herna\u0301ndez.pdf\"><img loading=\"lazy\" decoding=\"async\" width=\"303\" height=\"477\" src=\"https:\/\/www.tecdmx.org.mx\/wp-content\/uploads\/2020\/09\/portadas_cuadernillos-04.png\" alt=\"\" class=\"wp-image-21930\" srcset=\"https:\/\/www.tecdmx.org.mx\/wp-content\/uploads\/2020\/09\/portadas_cuadernillos-04-159x250.png 159w, https:\/\/www.tecdmx.org.mx\/wp-content\/uploads\/2020\/09\/portadas_cuadernillos-04-222x350.png 222w, https:\/\/www.tecdmx.org.mx\/wp-content\/uploads\/2020\/09\/portadas_cuadernillos-04.png 303w\" sizes=\"(max-width: 303px) 100vw, 303px\" \/><\/a><\/figure>\n\n\n\n<div style=\"height:100px\" aria-hidden=\"true\" class=\"wp-block-spacer\"><\/div>\n\n\n\n<figure class=\"wp-block-image size-full is-resized\"><a href=\"https:\/\/www.tecdmx.org.mx\/wp-content\/uploads\/2021\/10\/5_Georgina-Ca\u0301rdenas-Acosta.pdf\"><img loading=\"lazy\" decoding=\"async\" src=\"https:\/\/www.tecdmx.org.mx\/wp-content\/uploads\/2020\/09\/Cuadernillo-5-1.png\" alt=\"\" class=\"wp-image-21931\" width=\"303\" height=\"477\"\/><\/a><\/figure>\n\n\n\n<div style=\"height:100px\" aria-hidden=\"true\" class=\"wp-block-spacer\"><\/div>\n\n\n\n<figure class=\"wp-block-image size-full\"><a href=\"https:\/\/www.tecdmx.org.mx\/wp-content\/uploads\/2020\/09\/6_Armando-Herna\u0301ndez-Cruz.pdf\"><img loading=\"lazy\" decoding=\"async\" width=\"303\" height=\"477\" src=\"https:\/\/www.tecdmx.org.mx\/wp-content\/uploads\/2020\/09\/portadas_cuadernillos-06.png\" alt=\"\" class=\"wp-image-21933\" srcset=\"https:\/\/www.tecdmx.org.mx\/wp-content\/uploads\/2020\/09\/portadas_cuadernillos-06-159x250.png 159w, https:\/\/www.tecdmx.org.mx\/wp-content\/uploads\/2020\/09\/portadas_cuadernillos-06-222x350.png 222w, https:\/\/www.tecdmx.org.mx\/wp-content\/uploads\/2020\/09\/portadas_cuadernillos-06.png 303w\" sizes=\"(max-width: 303px) 100vw, 303px\" \/><\/a><\/figure>\n\n\n\n<div style=\"height:100px\" aria-hidden=\"true\" class=\"wp-block-spacer\"><\/div>\n\n\n\n<figure class=\"wp-block-image size-full\"><a href=\"https:\/\/www.tecdmx.org.mx\/wp-content\/uploads\/2021\/10\/7_Martha-Alejandra-Cha\u0301vez-Camarena_ok.pdf\"><img loading=\"lazy\" decoding=\"async\" width=\"303\" height=\"477\" src=\"https:\/\/www.tecdmx.org.mx\/wp-content\/uploads\/2020\/09\/portadas_cuadernillos-07.png\" alt=\"\" class=\"wp-image-21932\" srcset=\"https:\/\/www.tecdmx.org.mx\/wp-content\/uploads\/2020\/09\/portadas_cuadernillos-07-159x250.png 159w, https:\/\/www.tecdmx.org.mx\/wp-content\/uploads\/2020\/09\/portadas_cuadernillos-07-222x350.png 222w, https:\/\/www.tecdmx.org.mx\/wp-content\/uploads\/2020\/09\/portadas_cuadernillos-07.png 303w\" sizes=\"(max-width: 303px) 100vw, 303px\" \/><\/a><\/figure>\n\n\n\n<div style=\"height:100px\" aria-hidden=\"true\" class=\"wp-block-spacer\"><\/div>\n<\/div>\n\n\n\n<div class=\"wp-block-column is-layout-flow wp-block-column-is-layout-flow\"><\/div>\n<\/div>\n\n\n","protected":false},"excerpt":{"rendered":"<p>Colecci\u00f3n de cuadernillos: Derechos Humanos y G\u00e9nero en el \u00c1mbito Pol\u00edtico Electoral de la Ciudad de M\u00e9xico<\/p>\n","protected":false},"author":13,"featured_media":21919,"parent":0,"menu_order":0,"comment_status":"closed","ping_status":"closed","template":"","meta":{"_acf_changed":false,"_exactmetrics_skip_tracking":false,"_exactmetrics_sitenote_active":false,"_exactmetrics_sitenote_note":"","_exactmetrics_sitenote_category":0,"footnotes":""},"acf":[],"yoast_head":"<!-- This site is optimized with the Yoast SEO plugin v22.3 - https:\/\/yoast.com\/wordpress\/plugins\/seo\/ -->\n<title>Colecci\u00f3n de cuadernillos: Derechos Humanos y G\u00e9nero en el \u00c1mbito Pol\u00edtico Electora de la Ciudad de M\u00e9xico - Tribunal Electoral de la Ciudad de M\u00e9xico<\/title>\n<meta name=\"robots\" content=\"index, follow, max-snippet:-1, max-image-preview:large, max-video-preview:-1\" \/>\n<link rel=\"canonical\" href=\"https:\/\/www.tecdmx.org.mx\/index.php\/coleccion-de-cuadernillos-derechos-humanos-y-genero-en-el-ambito-politico-electora-de-la-ciudad-de-mexico\/\" \/>\n<meta property=\"og:locale\" content=\"es_ES\" \/>\n<meta property=\"og:type\" content=\"article\" \/>\n<meta property=\"og:title\" content=\"Colecci\u00f3n de cuadernillos: Derechos Humanos y G\u00e9nero en el \u00c1mbito Pol\u00edtico Electora de la Ciudad de M\u00e9xico - Tribunal Electoral de la Ciudad de M\u00e9xico\" \/>\n<meta property=\"og:description\" content=\"Colecci\u00f3n de cuadernillos: Derechos Humanos y G\u00e9nero en el \u00c1mbito Pol\u00edtico Electoral de la Ciudad de M\u00e9xico\" \/>\n<meta property=\"og:url\" content=\"https:\/\/www.tecdmx.org.mx\/index.php\/coleccion-de-cuadernillos-derechos-humanos-y-genero-en-el-ambito-politico-electora-de-la-ciudad-de-mexico\/\" \/>\n<meta property=\"og:site_name\" content=\"Tribunal Electoral de la Ciudad de M\u00e9xico\" \/>\n<meta property=\"article:publisher\" content=\"https:\/\/www.facebook.com\/TECDMX\/\" \/>\n<meta property=\"article:modified_time\" content=\"2021-10-15T20:34:24+00:00\" \/>\n<meta property=\"og:image\" content=\"https:\/\/www.tecdmx.org.mx\/wp-content\/uploads\/2020\/09\/portada_generica_cuadrenillos.png\" \/>\n\t<meta property=\"og:image:width\" content=\"610\" \/>\n\t<meta property=\"og:image:height\" content=\"790\" \/>\n\t<meta property=\"og:image:type\" content=\"image\/png\" \/>\n<meta name=\"twitter:card\" content=\"summary_large_image\" \/>\n<meta name=\"twitter:site\" content=\"@tecdmx\" \/>\n<script type=\"application\/ld+json\" class=\"yoast-schema-graph\">{\"@context\":\"https:\/\/schema.org\",\"@graph\":[{\"@type\":\"WebPage\",\"@id\":\"https:\/\/www.tecdmx.org.mx\/index.php\/coleccion-de-cuadernillos-derechos-humanos-y-genero-en-el-ambito-politico-electora-de-la-ciudad-de-mexico\/\",\"url\":\"https:\/\/www.tecdmx.org.mx\/index.php\/coleccion-de-cuadernillos-derechos-humanos-y-genero-en-el-ambito-politico-electora-de-la-ciudad-de-mexico\/\",\"name\":\"Colecci\u00f3n de cuadernillos: Derechos Humanos y G\u00e9nero en el \u00c1mbito Pol\u00edtico Electora de la Ciudad de M\u00e9xico - Tribunal Electoral de la Ciudad de M\u00e9xico\",\"isPartOf\":{\"@id\":\"https:\/\/www.tecdmx.org.mx\/#website\"},\"primaryImageOfPage\":{\"@id\":\"https:\/\/www.tecdmx.org.mx\/index.php\/coleccion-de-cuadernillos-derechos-humanos-y-genero-en-el-ambito-politico-electora-de-la-ciudad-de-mexico\/#primaryimage\"},\"image\":{\"@id\":\"https:\/\/www.tecdmx.org.mx\/index.php\/coleccion-de-cuadernillos-derechos-humanos-y-genero-en-el-ambito-politico-electora-de-la-ciudad-de-mexico\/#primaryimage\"},\"thumbnailUrl\":\"https:\/\/www.tecdmx.org.mx\/wp-content\/uploads\/2020\/09\/portada_generica_cuadrenillos.png\",\"datePublished\":\"2020-09-14T19:01:34+00:00\",\"dateModified\":\"2021-10-15T20:34:24+00:00\",\"breadcrumb\":{\"@id\":\"https:\/\/www.tecdmx.org.mx\/index.php\/coleccion-de-cuadernillos-derechos-humanos-y-genero-en-el-ambito-politico-electora-de-la-ciudad-de-mexico\/#breadcrumb\"},\"inLanguage\":\"es\",\"potentialAction\":[{\"@type\":\"ReadAction\",\"target\":[\"https:\/\/www.tecdmx.org.mx\/index.php\/coleccion-de-cuadernillos-derechos-humanos-y-genero-en-el-ambito-politico-electora-de-la-ciudad-de-mexico\/\"]}]},{\"@type\":\"ImageObject\",\"inLanguage\":\"es\",\"@id\":\"https:\/\/www.tecdmx.org.mx\/index.php\/coleccion-de-cuadernillos-derechos-humanos-y-genero-en-el-ambito-politico-electora-de-la-ciudad-de-mexico\/#primaryimage\",\"url\":\"https:\/\/www.tecdmx.org.mx\/wp-content\/uploads\/2020\/09\/portada_generica_cuadrenillos.png\",\"contentUrl\":\"https:\/\/www.tecdmx.org.mx\/wp-content\/uploads\/2020\/09\/portada_generica_cuadrenillos.png\",\"width\":610,\"height\":790},{\"@type\":\"BreadcrumbList\",\"@id\":\"https:\/\/www.tecdmx.org.mx\/index.php\/coleccion-de-cuadernillos-derechos-humanos-y-genero-en-el-ambito-politico-electora-de-la-ciudad-de-mexico\/#breadcrumb\",\"itemListElement\":[{\"@type\":\"ListItem\",\"position\":1,\"name\":\"Portada\",\"item\":\"https:\/\/www.tecdmx.org.mx\/\"},{\"@type\":\"ListItem\",\"position\":2,\"name\":\"Colecci\u00f3n de cuadernillos: Derechos Humanos y G\u00e9nero en el \u00c1mbito Pol\u00edtico Electora de la Ciudad de M\u00e9xico\"}]},{\"@type\":\"WebSite\",\"@id\":\"https:\/\/www.tecdmx.org.mx\/#website\",\"url\":\"https:\/\/www.tecdmx.org.mx\/\",\"name\":\"Tribunal Electoral de la Ciudad de M\u00e9xico\",\"description\":\"25 a\u00f1os garantizando justicia en tu elecci\u00f3n\",\"potentialAction\":[{\"@type\":\"SearchAction\",\"target\":{\"@type\":\"EntryPoint\",\"urlTemplate\":\"https:\/\/www.tecdmx.org.mx\/?s={search_term_string}\"},\"query-input\":\"required name=search_term_string\"}],\"inLanguage\":\"es\"}]}<\/script>\n<!-- \/ Yoast SEO plugin. -->","yoast_head_json":{"title":"Colecci\u00f3n de cuadernillos: Derechos Humanos y G\u00e9nero en el \u00c1mbito Pol\u00edtico Electora de la Ciudad de M\u00e9xico - Tribunal Electoral de la Ciudad de M\u00e9xico","robots":{"index":"index","follow":"follow","max-snippet":"max-snippet:-1","max-image-preview":"max-image-preview:large","max-video-preview":"max-video-preview:-1"},"canonical":"https:\/\/www.tecdmx.org.mx\/index.php\/coleccion-de-cuadernillos-derechos-humanos-y-genero-en-el-ambito-politico-electora-de-la-ciudad-de-mexico\/","og_locale":"es_ES","og_type":"article","og_title":"Colecci\u00f3n de cuadernillos: Derechos Humanos y G\u00e9nero en el \u00c1mbito Pol\u00edtico Electora de la Ciudad de M\u00e9xico - Tribunal Electoral de la Ciudad de M\u00e9xico","og_description":"Colecci\u00f3n de cuadernillos: Derechos Humanos y G\u00e9nero en el \u00c1mbito Pol\u00edtico Electoral de la Ciudad de M\u00e9xico","og_url":"https:\/\/www.tecdmx.org.mx\/index.php\/coleccion-de-cuadernillos-derechos-humanos-y-genero-en-el-ambito-politico-electora-de-la-ciudad-de-mexico\/","og_site_name":"Tribunal Electoral de la Ciudad de M\u00e9xico","article_publisher":"https:\/\/www.facebook.com\/TECDMX\/","article_modified_time":"2021-10-15T20:34:24+00:00","og_image":[{"width":610,"height":790,"url":"https:\/\/www.tecdmx.org.mx\/wp-content\/uploads\/2020\/09\/portada_generica_cuadrenillos.png","type":"image\/png"}],"twitter_card":"summary_large_image","twitter_site":"@tecdmx","schema":{"@context":"https:\/\/schema.org","@graph":[{"@type":"WebPage","@id":"https:\/\/www.tecdmx.org.mx\/index.php\/coleccion-de-cuadernillos-derechos-humanos-y-genero-en-el-ambito-politico-electora-de-la-ciudad-de-mexico\/","url":"https:\/\/www.tecdmx.org.mx\/index.php\/coleccion-de-cuadernillos-derechos-humanos-y-genero-en-el-ambito-politico-electora-de-la-ciudad-de-mexico\/","name":"Colecci\u00f3n de cuadernillos: Derechos Humanos y G\u00e9nero en el \u00c1mbito Pol\u00edtico Electora de la Ciudad de M\u00e9xico - Tribunal Electoral de la Ciudad de M\u00e9xico","isPartOf":{"@id":"https:\/\/www.tecdmx.org.mx\/#website"},"primaryImageOfPage":{"@id":"https:\/\/www.tecdmx.org.mx\/index.php\/coleccion-de-cuadernillos-derechos-humanos-y-genero-en-el-ambito-politico-electora-de-la-ciudad-de-mexico\/#primaryimage"},"image":{"@id":"https:\/\/www.tecdmx.org.mx\/index.php\/coleccion-de-cuadernillos-derechos-humanos-y-genero-en-el-ambito-politico-electora-de-la-ciudad-de-mexico\/#primaryimage"},"thumbnailUrl":"https:\/\/www.tecdmx.org.mx\/wp-content\/uploads\/2020\/09\/portada_generica_cuadrenillos.png","datePublished":"2020-09-14T19:01:34+00:00","dateModified":"2021-10-15T20:34:24+00:00","breadcrumb":{"@id":"https:\/\/www.tecdmx.org.mx\/index.php\/coleccion-de-cuadernillos-derechos-humanos-y-genero-en-el-ambito-politico-electora-de-la-ciudad-de-mexico\/#breadcrumb"},"inLanguage":"es","potentialAction":[{"@type":"ReadAction","target":["https:\/\/www.tecdmx.org.mx\/index.php\/coleccion-de-cuadernillos-derechos-humanos-y-genero-en-el-ambito-politico-electora-de-la-ciudad-de-mexico\/"]}]},{"@type":"ImageObject","inLanguage":"es","@id":"https:\/\/www.tecdmx.org.mx\/index.php\/coleccion-de-cuadernillos-derechos-humanos-y-genero-en-el-ambito-politico-electora-de-la-ciudad-de-mexico\/#primaryimage","url":"https:\/\/www.tecdmx.org.mx\/wp-content\/uploads\/2020\/09\/portada_generica_cuadrenillos.png","contentUrl":"https:\/\/www.tecdmx.org.mx\/wp-content\/uploads\/2020\/09\/portada_generica_cuadrenillos.png","width":610,"height":790},{"@type":"BreadcrumbList","@id":"https:\/\/www.tecdmx.org.mx\/index.php\/coleccion-de-cuadernillos-derechos-humanos-y-genero-en-el-ambito-politico-electora-de-la-ciudad-de-mexico\/#breadcrumb","itemListElement":[{"@type":"ListItem","position":1,"name":"Portada","item":"https:\/\/www.tecdmx.org.mx\/"},{"@type":"ListItem","position":2,"name":"Colecci\u00f3n de cuadernillos: Derechos Humanos y G\u00e9nero en el \u00c1mbito Pol\u00edtico Electora de la Ciudad de M\u00e9xico"}]},{"@type":"WebSite","@id":"https:\/\/www.tecdmx.org.mx\/#website","url":"https:\/\/www.tecdmx.org.mx\/","name":"Tribunal Electoral de la Ciudad de M\u00e9xico","description":"25 a\u00f1os garantizando justicia en tu elecci\u00f3n","potentialAction":[{"@type":"SearchAction","target":{"@type":"EntryPoint","urlTemplate":"https:\/\/www.tecdmx.org.mx\/?s={search_term_string}"},"query-input":"required name=search_term_string"}],"inLanguage":"es"}]}},"_links":{"self":[{"href":"https:\/\/www.tecdmx.org.mx\/index.php\/wp-json\/wp\/v2\/pages\/21904"}],"collection":[{"href":"https:\/\/www.tecdmx.org.mx\/index.php\/wp-json\/wp\/v2\/pages"}],"about":[{"href":"https:\/\/www.tecdmx.org.mx\/index.php\/wp-json\/wp\/v2\/types\/page"}],"author":[{"embeddable":true,"href":"https:\/\/www.tecdmx.org.mx\/index.php\/wp-json\/wp\/v2\/users\/13"}],"replies":[{"embeddable":true,"href":"https:\/\/www.tecdmx.org.mx\/index.php\/wp-json\/wp\/v2\/comments?post=21904"}],"version-history":[{"count":14,"href":"https:\/\/www.tecdmx.org.mx\/index.php\/wp-json\/wp\/v2\/pages\/21904\/revisions"}],"predecessor-version":[{"id":30649,"href":"https:\/\/www.tecdmx.org.mx\/index.php\/wp-json\/wp\/v2\/pages\/21904\/revisions\/30649"}],"wp:featuredmedia":[{"embeddable":true,"href":"https:\/\/www.tecdmx.org.mx\/index.php\/wp-json\/wp\/v2\/media\/21919"}],"wp:attachment":[{"href":"https:\/\/www.tecdmx.org.mx\/index.php\/wp-json\/wp\/v2\/media?parent=21904"}],"curies":[{"name":"wp","href":"https:\/\/api.w.org\/{rel}","templated":true}]}}