{"id":3013,"date":"2018-07-16T23:44:53","date_gmt":"2018-07-16T23:44:53","guid":{"rendered":"http:\/\/192.168.22.76\/?page_id=3013"},"modified":"2025-07-01T16:43:32","modified_gmt":"2025-07-01T22:43:32","slug":"nuestro-tribunal","status":"publish","type":"page","link":"https:\/\/www.tecdmx.org.mx\/index.php\/nuestro-tribunal\/","title":{"rendered":"Nuestro Tribunal"},"content":{"rendered":"<style type=\"text\/css\">@media only screen and (min-width: 1000px) and (max-width: 5000px){body.kc-css-system .kc-css-2296590{width: 69.52%;}body.kc-css-system .kc-css-761916{width: 30.47%;}}<\/style>\n<section class=\"kc-elm kc-css-4213527 kc_row\">\n<div class=\"kc-row-container  kc-container\">\n<div class=\"kc-wrap-columns\">\n<div class=\"kc-elm kc-css-1751207 kc_col-sm-12 kc_column kc_col-sm-12\">\n<div class=\"kc-col-container\">\n<div class=\"kc-elm kc-css-2829700 kc_row kc_row_inner\">\n<div class=\"kc-elm kc-css-2296590 kc_col-sm-8 kc_column_inner kc_col-sm-8\">\n<div class=\"kc_wrapper kc-col-inner-container\">\n<div class=\"kc-elm kc-css-1706088 kc_text_block\">\n<h1 style=\"text-align: center;\"><strong>Nuestro Tribunal<\/strong><\/h1>\n<h2><\/h2>\n<h2 style=\"text-align: left;\"><strong>Certeza y garant\u00eda a tu voto<\/strong><\/h2>\n<p>Gracias por visitar la p\u00e1gina del Tribunal Electoral de la Ciudad de M\u00e9xico, \u00f3rgano aut\u00f3nomo que brinda certeza y garant\u00eda a tu voto.<\/p>\n<p>Somos una instituci\u00f3n firme, transparente y comprometida con la democracia, que atiende los medios de impugnaci\u00f3n en materia electoral y de participaci\u00f3n ciudadana. Asimismo, protegemos los derechos de las y los integrantes de los partidos y asociaciones pol\u00edticas, y los derechos pol\u00edtico-electorales de los ciudadanos y ciudadanas.<\/p>\n<p>Con esa visi\u00f3n, nos preparamos para los pr\u00f3ximos procesos electorales y nos comprometemos a resolver, en tiempo y forma, todas las impugnaciones relacionadas con estos.<\/p>\n<p>Conscientes de que una comunicaci\u00f3n directa con la ciudadan\u00eda ayudar\u00e1 a cumplir nuestros objetivos, nos hemos empe\u00f1ado en reforzar el uso de las plataformas relacionadas con la tecnolog\u00eda de la informaci\u00f3n, por lo que te invitamos a visitar nuestras redes sociales (<strong>En Twitter<\/strong>:\u00a0<a href=\"http:\/\/twitter.com\/TECDMX\" target=\"_blank\" rel=\"noopener noreferrer\">@TECDMX<\/a><strong>En Facebook<\/strong>:\u00a0<a href=\"http:\/\/www.facebook.com\/Tribunal-Electoral-de-la-Ciudad-de-M%C3%A9xico-266236903857861\/\" target=\"_blank\" rel=\"noopener noreferrer\">Tribunal Electoral de\u00a0la Ciudad de M\u00e9xico<\/a>).<\/p>\n<hr \/>\n<h2><\/h2>\n<h2 style=\"text-align: left;\"><strong>Antecedentes del Tribunal Electoral de la Ciudad de M\u00e9xico<\/strong><\/h2>\n<p><strong>1996<\/strong><\/p>\n<p>Se reconoci\u00f3 el derecho a elegir a sus representantes y gobernantes a nivel local, a la ciudadan\u00eda del Distrito Federal mediante el voto universal, libre, directo y secreto. A partir del reconocimiento de este derecho, se hace necesario garantizar certeza jur\u00eddica en los procesos electorales, bajo los principios rectores de legalidad, imparcialidad, objetividad e independencia.<\/p>\n<p>Para este fin, tuvieron que hacerse algunas modificaciones legales a la naturaleza jur\u00eddica, estructura y atribuciones de las autoridades que conformar\u00edan el gobierno local.<\/p>\n<p><strong>1997<\/strong><\/p>\n<p>A partir de este a\u00f1o, la ciudadan\u00eda del Distrito Federal pudo elegir a la persona titular de la Jefatura de Gobierno, elimin\u00e1ndose la facultad del Ejecutivo federal de hacer dicho nombramiento. Asimismo, se eligieron a las y los Diputados a la Asamblea Legislativa.<\/p>\n<p>Se reform\u00f3 el Estatuto de Gobierno del Distrito Federal para adicionar un T\u00edtulo Sexto, referente a las autoridades electorales, y en el cap\u00edtulo IV se estableci\u00f3 lo relativo a la integraci\u00f3n, organizaci\u00f3n y funcionamiento del Tribunal Electoral del Distrito Federal (TEDF).<\/p>\n<p><strong>1998<\/strong><\/p>\n<p>El 26 de noviembre se expidi\u00f3 la Ley de Participaci\u00f3n Ciudadana del Distrito Federal con la cual se cre\u00f3 la figura de Comit\u00e9s Vecinales, que ser\u00edan electos por el voto universal de la ciudadan\u00eda. De esta forma se instauraron los primeros mecanismos de democracia participativa en el Distrito Federal como son el plebiscito, el refer\u00e9ndum, la iniciativa popular, la consulta y la colaboraci\u00f3n vecinal.<\/p>\n<p>Esta ley estableci\u00f3 la competencia del TEDF para conocer de las controversias que se suscitaran con motivo de la validez de los procesos de plebiscito, refer\u00e9ndum e integraci\u00f3n de los Comit\u00e9s Vecinales.<\/p>\n<p><strong>1999<\/strong><\/p>\n<p>El 29 de enero, con la presencia de 9 Magistraturas (cinco Numerarias y cuatro Supernumerarias), se llev\u00f3 a cabo la Sesi\u00f3n P\u00fablica de instalaci\u00f3n del Pleno del TEDF, m\u00e1xima autoridad jurisdiccional local en materia electoral.<\/p>\n<p>El primer Pleno estuvo integrado por las siguientes Magistraturas:<\/p>\n<p><strong>Magistraturas Numerarias<\/strong><\/p>\n<ul>\n<li><strong>Raciel Garrido Maldonado (Presidente)<\/strong><\/li>\n<li><strong>Estuardo Mario Berm\u00fadez Molina<\/strong><\/li>\n<li><strong>Juan Mart\u00ednez Veloz<\/strong><\/li>\n<li><strong>Hermilo Herrej\u00f3n Silva<\/strong><\/li>\n<li><strong>Rodolfo Terrazas Salgado<\/strong><\/li>\n<\/ul>\n<p><strong>Magistraturas Supernumerarias<\/strong><\/p>\n<ul>\n<li><strong>Pedro Rivas Monroy<\/strong><\/li>\n<li><strong>David Vega Vera<\/strong><\/li>\n<li><strong>Carlos C\u00e9sar C\u00e1rdenas M\u00e1rquez<\/strong><\/li>\n<li><strong>Anastasio Cort\u00e9s Galindo<\/strong><\/li>\n<\/ul>\n<p>Al presentar el ciudadano <strong>David Vega Vera<\/strong> la declinaci\u00f3n al cargo, se nombr\u00f3 en su lugar a la ciudadana <strong>Mar\u00eda del Pilar Hern\u00e1ndez Mart\u00ednez<\/strong>.<\/p>\n<p><strong>2000<\/strong><\/p>\n<p>La ciudadan\u00eda eligi\u00f3 por primera vez, mediante el voto universal, libre, directo y secreto, a quienes ocupar\u00edan la titularidad de las Jefaturas Delegacionales, con lo cual se ampli\u00f3 la posibilidad de que las y los habitantes del Distrito Federal pudieran elegir a la totalidad de sus autoridades de representaci\u00f3n popular.<\/p>\n<p><strong>2002<\/strong><\/p>\n<p>Con base en la competencia y atribuciones otorgadas al TEDF en materia de participaci\u00f3n ciudadana, durante Plebiscito 2002, relativo a la construcci\u00f3n de los segundos pisos del Perif\u00e9rico en el Distrito Federal, se presentaron diversas impugnaciones, por lo que, el Tribunal desempe\u00f1\u00f3 un papel muy importante para la consolidaci\u00f3n y construcci\u00f3n de la democracia participativa.<\/p>\n<p><strong>2004<\/strong><\/p>\n<p>Se expidi\u00f3 una nueva Ley de Participaci\u00f3n Ciudadana del Distrito Federal en la cual se sustituy\u00f3 la figura de Comit\u00e9s Vecinales por la de Comit\u00e9s Ciudadanos, elegidos por el voto universal, libre y secreto de la ciudadan\u00eda capitalina, y se refrend\u00f3 la competencia del TEDF para conocer de las controversias en los procesos de plebiscito, refer\u00e9ndum, consulta ciudadana e integraci\u00f3n de los Comit\u00e9s Ciudadanos.<\/p>\n<p><strong>2005<\/strong><\/p>\n<p>Las figuras de Magistraturas Numerarias y Supernumerarias se sustituyeron por las de Magistraturas Electorales.<\/p>\n<p><strong>2007<\/strong><\/p>\n<p>El Pleno del TEDF fue instalado formalmente con su nueva integraci\u00f3n.<\/p>\n<p><strong>Magistraturas propietarias<\/strong><\/p>\n<ul>\n<li><strong>Miguel Covi\u00e1n Andrade<\/strong> (Presidente)<\/li>\n<li><strong>Alejandro Delint Garc\u00eda<\/strong><\/li>\n<li><strong>Armando Ismael Maitret Hern\u00e1ndez<\/strong><\/li>\n<li><strong>Adolfo Riva Palacio Neri<\/strong><\/li>\n<li><strong>Dar\u00edo Velasco Guti\u00e9rrez<\/strong><\/li>\n<\/ul>\n<p><strong>Magistraturas suplentes<\/strong><\/p>\n<ul>\n<li><strong>Miguel \u00c1ngel L\u00f3pez Mastache<\/strong><\/li>\n<li><strong>Rafael Elizondo Gasper\u00edn<\/strong><\/li>\n<li><strong>Norka Cristina L\u00f3pez Zamarripa<\/strong><\/li>\n<\/ul>\n<p><strong>2008<\/strong><\/p>\n<p>El 1 de febrero, el Pleno design\u00f3 al Magistrado <strong>Adolfo Riva Palacio Neri<\/strong> como nuevo Presidente del Tribunal Electoral.<\/p>\n<p><strong>2010<\/strong><\/p>\n<p>El 27 de mayo se public\u00f3 la reforma a diversas disposiciones de la Ley de Participaci\u00f3n Ciudadana del Distrito Federal que incluy\u00f3 nuevas figuras representativas como los Consejos de los Pueblos que ser\u00edan los \u00f3rganos de representaci\u00f3n ciudadana en los Pueblos Originarios del Distrito Federal. Adem\u00e1s, se mantuvo la figura de autoridad tradicional en los mismos, que se regir\u00edan de acuerdo con sus normas, procedimientos y pr\u00e1cticas tradicionales.<\/p>\n<p>El \u00a0TEDF sigue entonces asumiendo su papel de autoridad jurisdiccional en materia de participaci\u00f3n ciudadana, durante el proceso de elecci\u00f3n de los Comit\u00e9s Ciudadanos y Consejos de los Pueblos.<\/p>\n<p><strong>2011<\/strong><\/p>\n<p>El 14 de enero la Asamblea Legislativa del Distrito Federal design\u00f3 a la ciudadana <strong>Aid\u00e9 Macedo Barceinas<\/strong> como la quinta Magistrada del TEDF, quien ocupar\u00eda la Magistratura que dej\u00f3 vacante el ciudadano <strong>Miguel Covi\u00e1n Andrade<\/strong>.<\/p>\n<p>El 18 de enero las Magistraturas integrantes del Pleno del TEDF eligieron nuevamente al Magistrado <strong>Adolfo Riva Palacio Neri<\/strong> como Presidente.<\/p>\n<p><strong>2012<\/strong><\/p>\n<p>El 8 de mayo el Pleno del TEDF eligi\u00f3 a <strong>Alejandro Delint Garc\u00eda<\/strong> como nuevo Magistrado Presidente.<\/p>\n<p><strong>2013<\/strong><\/p>\n<p>El 24 de octubre la Asamblea Legislativa del Distrito Federal design\u00f3 a la ciudadana <strong>Mar\u00eda del Carmen Carre\u00f3n Castro<\/strong> como Magistrada Electoral del TEDF en sustituci\u00f3n de la vacante del Magistrado <strong>Armando Ismael Maitret Hern\u00e1ndez<\/strong>.<\/p>\n<p>Durante el proceso de elecci\u00f3n de los Comit\u00e9s Ciudadanos y Consejos de los Pueblos, as\u00ed como de la Consulta Ciudadana sobre Presupuesto Participativo de ese a\u00f1o, el TEDF asumi\u00f3 nuevamente su papel de m\u00e1xima autoridad jurisdiccional en materia de participaci\u00f3n ciudadana en el Distrito Federal.<\/p>\n<p><strong>2014<\/strong><\/p>\n<p>Con la nueva reforma constitucional en materia pol\u00edtico-electoral, se otorg\u00f3 al Senado de la Rep\u00fablica la facultad de designar a las y los Magistrados Electorales de las entidades federativas.<\/p>\n<p>La C\u00e1mara de Senadores nombr\u00f3 a las Magistraturas integrantes del TEDF como sigue:<\/p>\n<ul>\n<li><strong>Mar\u00eda del Carmen Carre\u00f3n Castro<\/strong><\/li>\n<li><strong>Gabriela Eugenia del Valle P\u00e9rez<\/strong><\/li>\n<li><strong>Gustavo Anzaldo Hern\u00e1ndez<\/strong><\/li>\n<li><strong>Eduardo Arana Miraval<\/strong><\/li>\n<li><strong>Armando Hern\u00e1ndez Cruz<\/strong><\/li>\n<\/ul>\n<p>El 14 de octubre el Pleno del TEDF eligi\u00f3 al Magistrado <strong>Armando Hern\u00e1ndez Cruz<\/strong> como Presidente para el periodo del 14 de octubre de 2014 al 13 de octubre de 2018.<\/p>\n<p><strong>2016<\/strong><\/p>\n<p>La C\u00e1mara de Senadores design\u00f3 a la ciudadana <strong>Martha Alejandra Ch\u00e1vez Camarena<\/strong> como Magistrada Electoral del TEDF, en sustituci\u00f3n de la vacante de la Magistrada <strong>Gabriela Eugenia del Valle P\u00e9rez<\/strong>.<\/p>\n<p>Se public\u00f3 el <em>Decreto por el que se declaran reformadas y derogadas diversas disposiciones de la Constituci\u00f3n federal en materia de reforma pol\u00edtica en la Ciudad de M\u00e9xico<\/em> con lo cual, el Distrito Federal se convirti\u00f3 en una entidad federativa m\u00e1s, ahora denominada Ciudad de M\u00e9xico.<\/p>\n<p>Esta reforma configur\u00f3, adem\u00e1s, una nueva forma de organizaci\u00f3n pol\u00edtica y administrativa interna, basada en Demarcaciones Territoriales y la posibilidad de que la ciudadan\u00eda siguiera eligiendo, mediante el voto libre, secreto, directo y universal, a la persona titular de la Jefatura de Gobierno, as\u00ed como a las y los Diputados; a las y los Alcaldes o Concejales, y dem\u00e1s \u00f3rganos de representaci\u00f3n popular.<\/p>\n<p>El TEDF nuevamente asume su responsabilidad como m\u00e1xima autoridad jurisdiccional durante procesos de elecci\u00f3n de Comit\u00e9s Ciudadanos y Consejos de los Pueblos, as\u00ed como para \u00a0la Consulta Ciudadana sobre Presupuesto Participativo.<\/p>\n<p><strong>2017<\/strong><\/p>\n<p>Con motivo de las reformas a la Constituci\u00f3n federal y a la promulgaci\u00f3n de la Constituci\u00f3n Pol\u00edtica de la Ciudad de M\u00e9xico, la denominaci\u00f3n de este \u00d3rgano Jurisdiccional cambi\u00f3 de Tribunal Electoral del Distrito Federal a Tribunal Electoral de la Ciudad de M\u00e9xico (TECDMX).<\/p>\n<p>El Senado de la Rep\u00fablica eligi\u00f3 a la ciudadana <strong>Martha Leticia Mercado Ram\u00edrez<\/strong> como Magistrada Electoral del TECDMX, en sustituci\u00f3n de la vacante de la Magistrada <strong>Mar\u00eda del Carmen Carre\u00f3n Castro<\/strong>.<\/p>\n<p>Unos meses m\u00e1s adelante, el Senado design\u00f3 al ciudadano <strong>Juan Carlos S\u00e1nchez Le\u00f3n<\/strong> como Magistrado Electoral del TECDMX, en sustituci\u00f3n de la vacante del Magistrado <strong>Eduardo Arana Miraval<\/strong>.<\/p>\n<p><strong>2018<\/strong><\/p>\n<p>Las Magistraturas integrantes del Pleno del Tribunal eligieron al Magistrado <strong>Gustavo Anzaldo Hern\u00e1ndez<\/strong> como Presidente del TECDMX para el periodo del 14 de octubre de 2018 al 7 de octubre de 2021.<\/p>\n<p><strong>2019<\/strong><\/p>\n<p>El 22 de octubre, el Senado de la Rep\u00fablica design\u00f3 al ciudadano <strong>Armando Ambriz Hern\u00e1ndez<\/strong> como Magistrado Electoral, en sustituci\u00f3n de la vacante del Magistrado <strong>Armando Hern\u00e1ndez Cruz<\/strong>.<\/p>\n<\/div>\n<\/div>\n<p><strong>2021<\/strong><\/p>\n<p>El 07 de octubre de 2021, el Magistrado <strong>Armando Ambriz Hern\u00e1ndez<\/strong>, fue designado por las Magistraturas Integrantes del Pleno como Presidente Interino.<\/p>\n<p><b><span data-contrast=\"auto\">Conclusi\u00f3n del encargo de diversas Magistraturas\u00a0<\/span><\/b><span data-ccp-props=\"{}\">\u00a0<\/span><\/p>\n<p><span data-contrast=\"auto\">Durante los a\u00f1os 2021 a 2024 diversas Magistraturas concluyeron su encargo para el que fueron designadas. Por lo que las titularidades de las Ponencias quedaron vacantes bajo lo siguiente:<\/span><span data-ccp-props=\"{&quot;335551550&quot;:6,&quot;335551620&quot;:6}\">\u00a0<\/span><\/p>\n<ul>\n<li data-leveltext=\"\uf0fc\" data-font=\"Wingdings\" data-listid=\"2\" data-list-defn-props=\"{&quot;335552541&quot;:1,&quot;335559685&quot;:720,&quot;335559991&quot;:360,&quot;469769226&quot;:&quot;Wingdings&quot;,&quot;469769242&quot;:[8226],&quot;469777803&quot;:&quot;left&quot;,&quot;469777804&quot;:&quot;\uf0fc&quot;,&quot;469777815&quot;:&quot;hybridMultilevel&quot;}\" aria-setsize=\"-1\" data-aria-posinset=\"1\" data-aria-level=\"1\"><span data-contrast=\"auto\">Mtro. Gustavo Anzaldo Hern\u00e1ndez el 06 de octubre de 2021.\u00a0<\/span><span data-ccp-props=\"{}\">\u00a0<\/span><\/li>\n<\/ul>\n<ul>\n<li data-leveltext=\"\uf0fc\" data-font=\"Wingdings\" data-listid=\"2\" data-list-defn-props=\"{&quot;335552541&quot;:1,&quot;335559685&quot;:720,&quot;335559991&quot;:360,&quot;469769226&quot;:&quot;Wingdings&quot;,&quot;469769242&quot;:[8226],&quot;469777803&quot;:&quot;left&quot;,&quot;469777804&quot;:&quot;\uf0fc&quot;,&quot;469777815&quot;:&quot;hybridMultilevel&quot;}\" aria-setsize=\"-1\" data-aria-posinset=\"2\" data-aria-level=\"1\"><span data-contrast=\"auto\">Mtra. Martha Alejandra Ch\u00e1vez Camarena el 28 de abril de 2023.<\/span><span data-ccp-props=\"{}\">\u00a0<\/span><\/li>\n<\/ul>\n<ul>\n<li data-leveltext=\"\uf0fc\" data-font=\"Wingdings\" data-listid=\"2\" data-list-defn-props=\"{&quot;335552541&quot;:1,&quot;335559685&quot;:720,&quot;335559991&quot;:360,&quot;469769226&quot;:&quot;Wingdings&quot;,&quot;469769242&quot;:[8226],&quot;469777803&quot;:&quot;left&quot;,&quot;469777804&quot;:&quot;\uf0fc&quot;,&quot;469777815&quot;:&quot;hybridMultilevel&quot;}\" aria-setsize=\"-1\" data-aria-posinset=\"3\" data-aria-level=\"1\"><span data-contrast=\"auto\">Lcda. Martha Leticia Mercado Ram\u00edrez 25 de abril de 2024.<\/span><span data-ccp-props=\"{}\">\u00a0<\/span><\/li>\n<\/ul>\n<ul>\n<li data-leveltext=\"\uf0fc\" data-font=\"Wingdings\" data-listid=\"2\" data-list-defn-props=\"{&quot;335552541&quot;:1,&quot;335559685&quot;:720,&quot;335559991&quot;:360,&quot;469769226&quot;:&quot;Wingdings&quot;,&quot;469769242&quot;:[8226],&quot;469777803&quot;:&quot;left&quot;,&quot;469777804&quot;:&quot;\uf0fc&quot;,&quot;469777815&quot;:&quot;hybridMultilevel&quot;}\" aria-setsize=\"-1\" data-aria-posinset=\"4\" data-aria-level=\"1\"><span data-contrast=\"auto\">Mtro. Juan Carlos S\u00e1nchez Le\u00f3n el 14 de diciembre de 2024.<\/span><span data-ccp-props=\"{}\">\u00a0<\/span><\/li>\n<\/ul>\n<p><span data-ccp-props=\"{&quot;335559685&quot;:720}\">\u00a0<\/span><strong>2025\u00a0<\/strong><\/p>\n<p><span data-contrast=\"auto\">En Reuni\u00f3n privada del 30 de enero de 2025 el Mtro. <\/span><b><span data-contrast=\"auto\">Armando Ambriz Hern\u00e1ndez<\/span><\/b><span data-contrast=\"auto\"> fue electo como Magistrado Presidente a partir del 01 de febrero siguiente.<\/span><span data-ccp-props=\"{&quot;335551550&quot;:6,&quot;335551620&quot;:6}\">\u00a0<\/span><\/p>\n<p><span data-contrast=\"auto\">Posteriormente, derivado de las Magistraturas Electorales\u00a0 vacantes, el 09 de abril de 2025, la C\u00e1mara de Senadores nombr\u00f3 por un periodo de 7 a\u00f1os a 4 Magistraturas, recayendo las designaciones en:<\/span><span data-ccp-props=\"{&quot;335551550&quot;:6,&quot;335551620&quot;:6}\">\u00a0<\/span><\/p>\n<ul>\n<li data-leveltext=\"\uf0b7\" data-font=\"Symbol\" data-listid=\"3\" data-list-defn-props=\"{&quot;335552541&quot;:1,&quot;335559685&quot;:720,&quot;335559991&quot;:360,&quot;469769226&quot;:&quot;Symbol&quot;,&quot;469769242&quot;:[8226],&quot;469777803&quot;:&quot;left&quot;,&quot;469777804&quot;:&quot;\uf0b7&quot;,&quot;469777815&quot;:&quot;multilevel&quot;}\" aria-setsize=\"-1\" data-aria-posinset=\"1\" data-aria-level=\"1\"><b><span data-contrast=\"auto\">Mtro. Jos\u00e9 Jes\u00fas Hern\u00e1ndez Rodr\u00edguez\u00a0<\/span><\/b><span data-ccp-props=\"{}\">\u00a0<\/span><\/li>\n<\/ul>\n<ul>\n<li data-leveltext=\"\uf0b7\" data-font=\"Symbol\" data-listid=\"3\" data-list-defn-props=\"{&quot;335552541&quot;:1,&quot;335559685&quot;:720,&quot;335559991&quot;:360,&quot;469769226&quot;:&quot;Symbol&quot;,&quot;469769242&quot;:[8226],&quot;469777803&quot;:&quot;left&quot;,&quot;469777804&quot;:&quot;\uf0b7&quot;,&quot;469777815&quot;:&quot;multilevel&quot;}\" aria-setsize=\"-1\" data-aria-posinset=\"2\" data-aria-level=\"1\"><b><span data-contrast=\"auto\">Mtra. Laura Patricia Jim\u00e9nez Castillo<\/span><\/b><span data-ccp-props=\"{}\">\u00a0<\/span><\/li>\n<\/ul>\n<ul>\n<li data-leveltext=\"\uf0b7\" data-font=\"Symbol\" data-listid=\"3\" data-list-defn-props=\"{&quot;335552541&quot;:1,&quot;335559685&quot;:720,&quot;335559991&quot;:360,&quot;469769226&quot;:&quot;Symbol&quot;,&quot;469769242&quot;:[8226],&quot;469777803&quot;:&quot;left&quot;,&quot;469777804&quot;:&quot;\uf0b7&quot;,&quot;469777815&quot;:&quot;multilevel&quot;}\" aria-setsize=\"-1\" data-aria-posinset=\"3\" data-aria-level=\"1\"><b><span data-contrast=\"auto\">Lcda. Karina Salgado Lunar<\/span><\/b><span data-ccp-props=\"{}\">\u00a0<\/span><\/li>\n<\/ul>\n<ul>\n<li data-leveltext=\"\uf0b7\" data-font=\"Symbol\" data-listid=\"3\" data-list-defn-props=\"{&quot;335552541&quot;:1,&quot;335559685&quot;:720,&quot;335559991&quot;:360,&quot;469769226&quot;:&quot;Symbol&quot;,&quot;469769242&quot;:[8226],&quot;469777803&quot;:&quot;left&quot;,&quot;469777804&quot;:&quot;\uf0b7&quot;,&quot;469777815&quot;:&quot;multilevel&quot;}\" aria-setsize=\"-1\" data-aria-posinset=\"4\" data-aria-level=\"1\"><b><span data-contrast=\"auto\">Dr. Osiris V\u00e1zquez Rangel\u00a0<\/span><\/b><span data-ccp-props=\"{}\">\u00a0<\/span><\/li>\n<\/ul>\n<p><span data-contrast=\"auto\">Magistraturas que junto con el Magistrado Presidente actualmente integran el Pleno del Tribunal Electoral.<\/span><span data-ccp-props=\"{&quot;335551550&quot;:6,&quot;335551620&quot;:6}\">\u00a0<\/span><\/p>\n<div class=\"kc_wrapper kc-col-inner-container\">\n<div class=\"kc-elm kc-css-1706088 kc_text_block\">\n<hr \/>\n<h2><\/h2>\n<h2><strong>Filosof\u00eda Institucional<\/strong><\/h2>\n<p><strong>Misi\u00f3n<\/strong><\/p>\n<p>Por mandato de la Constituci\u00f3n Pol\u00edtica de la Ciudad de M\u00e9xico, este \u00d3rgano Colegiado tiene como misi\u00f3n dirimir o resolver las controversias en materia electoral y de participaci\u00f3n ciudadana que se suscitan en esta Ciudad Capital y que son sometidas a su competencia. Por lo que, en todo momento buscar\u00e1 la tutela efectiva de los derechos pol\u00edtico-electorales de la ciudadan\u00eda, con apego a los principios de constitucionales de autonom\u00eda, legalidad, independencia, progresividad, equidad y <em>pro homine<\/em> o <em>pro persona<\/em>.<\/p>\n<p><strong>Visi\u00f3n<\/strong><\/p>\n<p>La visi\u00f3n del Tribunal Electoral de la Ciudad de M\u00e9xico se encuentra encaminada a ser el mejor \u00d3rgano Colegiado en materia electoral a nivel nacional\u00a0 y ser el referente m\u00e1ximo en toda la Rep\u00fablica Mexicana, por lo que, su actuar se sustenta en los principios de eficacia, eficiencia, objetividad, profesionalismo, imparcialidad, integridad, inmediatez, prontitud, legalidad, transparencia, m\u00e1xima publicidad y rendici\u00f3n de cuentas, siendo as\u00ed, una autoridad electoral s\u00f3lida, confiable y ejemplar que responda a las expectativas de habitantes y ciudadan\u00eda de todas las demarcaciones territoriales, fortaleciendo el estado democr\u00e1tico de la Ciudad de M\u00e9xico.<\/p>\n<\/div>\n<hr \/>\n<div class=\"kc-elm kc-css-1706088 kc_text_block\">\n<p><strong>Objetivos espec\u00edficos:<\/strong><\/p>\n<p>En el quehacer cotidiano de este \u00d3rgano Colegiado, es primordial actuar con responsabilidad y a la altura de las circunstancias y expectativas que exige la ciudadan\u00eda. Es por ello que se asume este compromiso a cabalidad, estableciendo como objetivos espec\u00edficos a alcanzar:<\/p>\n<ul>\n<li>Impartir justicia electoral;<\/li>\n<\/ul>\n<ul>\n<li>Emitir resoluciones de manera pronta y expedita;<\/li>\n<\/ul>\n<ul>\n<li>Fomentar y permear el uso del lenguaje ciudadano e incluyente en los acuerdos y resoluciones emitidas;<\/li>\n<\/ul>\n<ul>\n<li>Maximizar la observancia del principio de progresividad para potenciar la tutela de los derechos fundamentales;<\/li>\n<\/ul>\n<ul>\n<li>Realizar interpretaciones que beneficien y maximicen los derechos de las personas, particularmente de quienes pertenecen a grupos en situaci\u00f3n de vulnerabilidad o grupos de atenci\u00f3n prioritaria;<\/li>\n<\/ul>\n<ul>\n<li>Propiciar una administraci\u00f3n eficiente y responsable en el uso de los recursos;<\/li>\n<\/ul>\n<ul>\n<li>Garantizar el apego a la legalidad, la transparencia en materia electoral y laboral; as\u00ed como la rendici\u00f3n de cuentas; y<\/li>\n<\/ul>\n<ul>\n<li>Aplicar protocolos de actuaci\u00f3n judicial propios y de otras instituciones;<\/li>\n<\/ul>\n<ul>\n<li>Llevar a cabo la apertura de la pr\u00e1ctica jurisdiccional y asunci\u00f3n de reglas de Tribunal Abierto.<\/li>\n<\/ul>\n<ul>\n<li>Fortalecer la cultura democr\u00e1tica en la Ciudad de M\u00e9xico;<\/li>\n<\/ul>\n<ul>\n<li>Promover la profesionalizaci\u00f3n continua del personal;<\/li>\n<\/ul>\n<ul>\n<li>Fortalecer la pol\u00edtica en materia de paridad de g\u00e9nero;<\/li>\n<\/ul>\n<ul>\n<li>Aprovechar el uso de nuevas tecnolog\u00edas;<\/li>\n<\/ul>\n<ul>\n<li>Maximizar la diversificaci\u00f3n de canales de comunicaci\u00f3n y difusi\u00f3n para divulgar el quehacer institucional;<\/li>\n<\/ul>\n<ul>\n<li>Fortalecer e impulsar la investigaci\u00f3n y producci\u00f3n editorial para contribuir a la generaci\u00f3n de conocimiento especializado;<\/li>\n<\/ul>\n<ul>\n<li>Reforzar la vinculaci\u00f3n interinstitucional a nivel nacional e internacional;<\/li>\n<\/ul>\n<ul>\n<li>Posicionar y proyectar la imagen institucional en foros p\u00fablicos;<\/li>\n<\/ul>\n<hr \/>\n<h2><\/h2>\n<h2>Valores y principios \u00e9ticos<\/h2>\n<ul>\n<li><strong>Profesionalismo<\/strong><\/li>\n<\/ul>\n<p>No se realizar\u00e1n actos que pueda mermar la respetabilidad propia de este Tribunal. El personal deber\u00e1 asumir responsable y valerosamente las consecuencias de sus decisiones; aceptar sus errores y aprender de ellos para mejorar su desempe\u00f1o; guardar absoluta reserva sobre los asuntos del Tribunal; llevar a cabo por s\u00ed mismo las funciones inherentes e indelegables de su cargo; administrar y utilizar con racionalidad, diligencia, esmero y eficacia los recursos y bienes del Tribunal; cumplir con sus obligaciones, cumplir con sus deberes de manera ejemplar para que las personas servidoras p\u00fablicas a su cargo lo hagan de la misma manera en lo que les corresponda; actualizar permanentemente sus conocimientos; y analizar exhaustiva y acuciosamente los asuntos en los que deba intervenir.<\/p>\n<p><strong><em>\u00a0<\/em><\/strong><\/p>\n<ul>\n<li><strong>Objetividad<\/strong><\/li>\n<\/ul>\n<p>Este \u00d3rgano Jurisdiccional, en sus acciones, deber\u00e1 reconocer la realidad tangible, independientemente del punto de vista que se tenga de ella.<\/p>\n<p><strong><em>\u00a0<\/em><\/strong><\/p>\n<ul>\n<li><strong>Imparcialidad<\/strong><\/li>\n<\/ul>\n<p>Las actividades se realizar\u00e1n a efecto de reconocer y velar permanentemente por el inter\u00e9s de la sociedad y por los valores fundamentales de la democracia, supeditando a ellos, de manera irrestricta, cualquier inter\u00e9s personal o preferencia pol\u00edtica.<\/p>\n<p><strong>\u00a0<\/strong><\/p>\n<ul>\n<li><strong>Legalidad<\/strong><\/li>\n<\/ul>\n<p>Las decisiones deber\u00e1n apegarse, en todo momento, a los principios de constitucionalidad y Tratados Internacionales. Tal apego debe ser irrestricto y por encima de cualquier inter\u00e9s particular que se oponga a la ley, por lo que la legalidad debe entenderse como la irrenunciable y cabal aplicaci\u00f3n de la ley, sin defraudar su esp\u00edritu.<\/p>\n<p><strong>\u00a0<\/strong><\/p>\n<ul>\n<li><strong>M\u00e1xima Publicidad<\/strong><\/li>\n<\/ul>\n<p>Es obligaci\u00f3n del Tribunal publicar la informaci\u00f3n que se genere, para el escrutinio p\u00fablico.<\/p>\n<p><strong>\u00a0<\/strong><\/p>\n<ul>\n<li><strong>Equidad<\/strong><\/li>\n<\/ul>\n<p>En los servicios prestados a la ciudadan\u00eda, la funci\u00f3n institucional garantizar\u00e1 que tanto hombres y mujeres accedan con las mismas oportunidades y resultados, al proceso jurisdiccional y los procedimientos administrativos.<\/p>\n<p><strong>\u00a0<\/strong><\/p>\n<ul>\n<li><strong>Eficacia<\/strong><\/li>\n<\/ul>\n<p>La organizaci\u00f3n y la funci\u00f3n administrativa de este Tribunal estar\u00e1n dise\u00f1adas y concebidas para garantizar la obtenci\u00f3n de objetivos, fines y metas propuestas y asignadas.<\/p>\n<p><strong>\u00a0<\/strong><\/p>\n<ul>\n<li><strong>Eficiencia<\/strong><\/li>\n<\/ul>\n<p>Lograr las metas y objetivos con la menor cantidad de recursos, y as\u00ed realizar con destreza, oportunidad y atingencia las facultades y atribuciones de este Tribunal, de manera capaz e id\u00f3nea.<\/p>\n<p><strong>\u00a0<\/strong><\/p>\n<ul>\n<li><strong>Transparencia<\/strong><\/li>\n<\/ul>\n<p>Ajustarse al derecho que tiene la sociedad de estar informada sobre la actividad del Tribunal y conducirse con verdad tanto en los informes que rindan o proporcionen, como en sus relaciones con la ciudadan\u00eda.<\/p>\n<p><strong>\u00a0<\/strong><\/p>\n<ul>\n<li><strong>Ejercicio adecuado del cargo<\/strong><\/li>\n<\/ul>\n<p>Fomentar en el ejercicio del cargo el actuar con rectitud y no obtener ni procurar beneficios o ventajas indebidas, para s\u00ed o para alguien m\u00e1s.<\/p>\n<p><strong>\u00a0<\/strong><\/p>\n<ul>\n<li><strong>Excelencia<\/strong><\/li>\n<\/ul>\n<p>Mostrar en todo momento la calidad en el trabajo desempe\u00f1ado, con toda eficacia y eficiencia, de tal forma que se transmita a la sociedad una imagen positiva y de prestigio institucional.<\/p>\n<p><strong>\u00a0<\/strong><\/p>\n<ul>\n<li><strong>Honestidad y Honradez<\/strong><\/li>\n<\/ul>\n<p>Actuar en cualquier momento con la m\u00e1xima rectitud, sin pretender ni obtener provecho o ventaja por s\u00ed o por interp\u00f3sita persona, derivada de sus funciones. De igual forma, no deber\u00e1n aceptar compensaciones o prestaciones de cualquier persona, que puedan comprometer su desempe\u00f1o o que provoquen su actuar con falta de \u00e9tica en sus responsabilidades y obligaciones.<\/p>\n<p><strong>\u00a0<\/strong><\/p>\n<ul>\n<li><strong>Inter\u00e9s P\u00fablico<\/strong><\/li>\n<\/ul>\n<p>Actuar en todo momento respecto de la atenci\u00f3n de las necesidades y demandas de la sociedad por encima de intereses y beneficios particulares.<\/p>\n<hr \/>\n<\/div>\n<\/div>\n<\/div>\n<div class=\"kc-elm kc-css-761916 kc_col-sm-4 kc_column_inner kc_col-sm-4\">\n<div class=\"kc_wrapper kc-col-inner-container\"><\/div>\n<\/div>\n<\/div>\n<\/div>\n<\/div>\n<\/div>\n<\/div>\n<\/section>\n","protected":false},"excerpt":{"rendered":"<p>Nuestro Tribunal Certeza y garant\u00eda a tu voto Gracias por visitar la p\u00e1gina del Tribunal Electoral de la Ciudad de M\u00e9xico, \u00f3rgano aut\u00f3nomo que brinda certeza y garant\u00eda a tu [&hellip;]<\/p>\n","protected":false},"author":13,"featured_media":0,"parent":0,"menu_order":0,"comment_status":"closed","ping_status":"closed","template":"page-templates\/page-full-width.php","meta":{"_acf_changed":false,"_exactmetrics_skip_tracking":false,"_exactmetrics_sitenote_active":false,"_exactmetrics_sitenote_note":"","_exactmetrics_sitenote_category":0,"footnotes":""},"acf":[],"yoast_head":"<!-- This site is optimized with the Yoast SEO plugin v22.3 - https:\/\/yoast.com\/wordpress\/plugins\/seo\/ -->\n<title>Nuestro Tribunal - Tribunal Electoral de la Ciudad de M\u00e9xico<\/title>\n<meta name=\"robots\" content=\"index, follow, max-snippet:-1, max-image-preview:large, max-video-preview:-1\" \/>\n<link rel=\"canonical\" href=\"https:\/\/www.tecdmx.org.mx\/index.php\/nuestro-tribunal\/\" \/>\n<meta property=\"og:locale\" content=\"es_ES\" \/>\n<meta property=\"og:type\" content=\"article\" \/>\n<meta property=\"og:title\" content=\"Nuestro Tribunal - Tribunal Electoral de la Ciudad de M\u00e9xico\" \/>\n<meta property=\"og:description\" content=\"Nuestro Tribunal Certeza y garant\u00eda a tu voto Gracias por visitar la p\u00e1gina del Tribunal Electoral de la Ciudad de M\u00e9xico, \u00f3rgano aut\u00f3nomo que brinda certeza y garant\u00eda a tu [&hellip;]\" \/>\n<meta property=\"og:url\" content=\"https:\/\/www.tecdmx.org.mx\/index.php\/nuestro-tribunal\/\" \/>\n<meta property=\"og:site_name\" content=\"Tribunal Electoral de la Ciudad de M\u00e9xico\" \/>\n<meta property=\"article:publisher\" content=\"https:\/\/www.facebook.com\/TECDMX\/\" \/>\n<meta property=\"article:modified_time\" content=\"2025-07-01T22:43:32+00:00\" \/>\n<meta name=\"twitter:card\" content=\"summary_large_image\" \/>\n<meta name=\"twitter:site\" content=\"@tecdmx\" \/>\n<meta name=\"twitter:label1\" content=\"Tiempo de lectura\" \/>\n\t<meta name=\"twitter:data1\" content=\"12 minutos\" \/>\n<script type=\"application\/ld+json\" class=\"yoast-schema-graph\">{\"@context\":\"https:\/\/schema.org\",\"@graph\":[{\"@type\":\"WebPage\",\"@id\":\"https:\/\/www.tecdmx.org.mx\/index.php\/nuestro-tribunal\/\",\"url\":\"https:\/\/www.tecdmx.org.mx\/index.php\/nuestro-tribunal\/\",\"name\":\"Nuestro Tribunal - Tribunal Electoral de la Ciudad de M\u00e9xico\",\"isPartOf\":{\"@id\":\"https:\/\/www.tecdmx.org.mx\/#website\"},\"datePublished\":\"2018-07-16T23:44:53+00:00\",\"dateModified\":\"2025-07-01T22:43:32+00:00\",\"breadcrumb\":{\"@id\":\"https:\/\/www.tecdmx.org.mx\/index.php\/nuestro-tribunal\/#breadcrumb\"},\"inLanguage\":\"es\",\"potentialAction\":[{\"@type\":\"ReadAction\",\"target\":[\"https:\/\/www.tecdmx.org.mx\/index.php\/nuestro-tribunal\/\"]}]},{\"@type\":\"BreadcrumbList\",\"@id\":\"https:\/\/www.tecdmx.org.mx\/index.php\/nuestro-tribunal\/#breadcrumb\",\"itemListElement\":[{\"@type\":\"ListItem\",\"position\":1,\"name\":\"Portada\",\"item\":\"https:\/\/www.tecdmx.org.mx\/\"},{\"@type\":\"ListItem\",\"position\":2,\"name\":\"Nuestro Tribunal\"}]},{\"@type\":\"WebSite\",\"@id\":\"https:\/\/www.tecdmx.org.mx\/#website\",\"url\":\"https:\/\/www.tecdmx.org.mx\/\",\"name\":\"Tribunal Electoral de la Ciudad de M\u00e9xico\",\"description\":\"25 a\u00f1os garantizando justicia en tu elecci\u00f3n\",\"potentialAction\":[{\"@type\":\"SearchAction\",\"target\":{\"@type\":\"EntryPoint\",\"urlTemplate\":\"https:\/\/www.tecdmx.org.mx\/?s={search_term_string}\"},\"query-input\":\"required name=search_term_string\"}],\"inLanguage\":\"es\"}]}<\/script>\n<!-- \/ Yoast SEO plugin. -->","yoast_head_json":{"title":"Nuestro Tribunal - Tribunal Electoral de la Ciudad de M\u00e9xico","robots":{"index":"index","follow":"follow","max-snippet":"max-snippet:-1","max-image-preview":"max-image-preview:large","max-video-preview":"max-video-preview:-1"},"canonical":"https:\/\/www.tecdmx.org.mx\/index.php\/nuestro-tribunal\/","og_locale":"es_ES","og_type":"article","og_title":"Nuestro Tribunal - Tribunal Electoral de la Ciudad de M\u00e9xico","og_description":"Nuestro Tribunal Certeza y garant\u00eda a tu voto Gracias por visitar la p\u00e1gina del Tribunal Electoral de la Ciudad de M\u00e9xico, \u00f3rgano aut\u00f3nomo que brinda certeza y garant\u00eda a tu [&hellip;]","og_url":"https:\/\/www.tecdmx.org.mx\/index.php\/nuestro-tribunal\/","og_site_name":"Tribunal Electoral de la Ciudad de M\u00e9xico","article_publisher":"https:\/\/www.facebook.com\/TECDMX\/","article_modified_time":"2025-07-01T22:43:32+00:00","twitter_card":"summary_large_image","twitter_site":"@tecdmx","twitter_misc":{"Tiempo de lectura":"12 minutos"},"schema":{"@context":"https:\/\/schema.org","@graph":[{"@type":"WebPage","@id":"https:\/\/www.tecdmx.org.mx\/index.php\/nuestro-tribunal\/","url":"https:\/\/www.tecdmx.org.mx\/index.php\/nuestro-tribunal\/","name":"Nuestro Tribunal - Tribunal Electoral de la Ciudad de M\u00e9xico","isPartOf":{"@id":"https:\/\/www.tecdmx.org.mx\/#website"},"datePublished":"2018-07-16T23:44:53+00:00","dateModified":"2025-07-01T22:43:32+00:00","breadcrumb":{"@id":"https:\/\/www.tecdmx.org.mx\/index.php\/nuestro-tribunal\/#breadcrumb"},"inLanguage":"es","potentialAction":[{"@type":"ReadAction","target":["https:\/\/www.tecdmx.org.mx\/index.php\/nuestro-tribunal\/"]}]},{"@type":"BreadcrumbList","@id":"https:\/\/www.tecdmx.org.mx\/index.php\/nuestro-tribunal\/#breadcrumb","itemListElement":[{"@type":"ListItem","position":1,"name":"Portada","item":"https:\/\/www.tecdmx.org.mx\/"},{"@type":"ListItem","position":2,"name":"Nuestro Tribunal"}]},{"@type":"WebSite","@id":"https:\/\/www.tecdmx.org.mx\/#website","url":"https:\/\/www.tecdmx.org.mx\/","name":"Tribunal Electoral de la Ciudad de M\u00e9xico","description":"25 a\u00f1os garantizando justicia en tu elecci\u00f3n","potentialAction":[{"@type":"SearchAction","target":{"@type":"EntryPoint","urlTemplate":"https:\/\/www.tecdmx.org.mx\/?s={search_term_string}"},"query-input":"required name=search_term_string"}],"inLanguage":"es"}]}},"_links":{"self":[{"href":"https:\/\/www.tecdmx.org.mx\/index.php\/wp-json\/wp\/v2\/pages\/3013"}],"collection":[{"href":"https:\/\/www.tecdmx.org.mx\/index.php\/wp-json\/wp\/v2\/pages"}],"about":[{"href":"https:\/\/www.tecdmx.org.mx\/index.php\/wp-json\/wp\/v2\/types\/page"}],"author":[{"embeddable":true,"href":"https:\/\/www.tecdmx.org.mx\/index.php\/wp-json\/wp\/v2\/users\/13"}],"replies":[{"embeddable":true,"href":"https:\/\/www.tecdmx.org.mx\/index.php\/wp-json\/wp\/v2\/comments?post=3013"}],"version-history":[{"count":41,"href":"https:\/\/www.tecdmx.org.mx\/index.php\/wp-json\/wp\/v2\/pages\/3013\/revisions"}],"predecessor-version":[{"id":57168,"href":"https:\/\/www.tecdmx.org.mx\/index.php\/wp-json\/wp\/v2\/pages\/3013\/revisions\/57168"}],"wp:attachment":[{"href":"https:\/\/www.tecdmx.org.mx\/index.php\/wp-json\/wp\/v2\/media?parent=3013"}],"curies":[{"name":"wp","href":"https:\/\/api.w.org\/{rel}","templated":true}]}}