{"id":46834,"date":"2024-03-22T09:15:01","date_gmt":"2024-03-22T15:15:01","guid":{"rendered":"https:\/\/www.tecdmx.org.mx\/?page_id=46834"},"modified":"2024-07-24T12:21:54","modified_gmt":"2024-07-24T18:21:54","slug":"eleccion-2024-vision-de-periodistas-acerca-de-la-proxima-eleccion-presidencial","status":"publish","type":"page","link":"https:\/\/www.tecdmx.org.mx\/index.php\/eleccion-2024-vision-de-periodistas-acerca-de-la-proxima-eleccion-presidencial\/","title":{"rendered":"Elecci\u00f3n 2024: Visi\u00f3n de periodistas acerca de la pr\u00f3xima elecci\u00f3n presidencial"},"content":{"rendered":"\n<p><strong>Elecci\u00f3n 2024: Visi\u00f3n de periodistas acerca de la pr\u00f3xima elecci\u00f3n presidencial<\/strong><\/p>\n\n\n\n<p><strong>Da clic sobre el libro para su consulta<\/strong><\/p>\n\n\n\n<figure class=\"wp-block-image size-full\"><a href=\"https:\/\/www.tecdmx.org.mx\/wp-content\/uploads\/2024\/07\/La-participacion-ciudadana-de-las-personas-en-prision-preventiva-en-el-proceso-electoral-2023-2024-1.pdf\" target=\"_blank\" rel=\"noreferrer noopener\"><img loading=\"lazy\" decoding=\"async\" width=\"1600\" height=\"1600\" src=\"https:\/\/www.tecdmx.org.mx\/wp-content\/uploads\/2024\/03\/manita.jpeg\" alt=\"\" class=\"wp-image-46858\" srcset=\"https:\/\/www.tecdmx.org.mx\/wp-content\/uploads\/2024\/03\/manita-250x250.jpeg 250w, https:\/\/www.tecdmx.org.mx\/wp-content\/uploads\/2024\/03\/manita-350x350.jpeg 350w, https:\/\/www.tecdmx.org.mx\/wp-content\/uploads\/2024\/03\/manita-110x110.jpeg 110w, https:\/\/www.tecdmx.org.mx\/wp-content\/uploads\/2024\/03\/manita-768x768.jpeg 768w, https:\/\/www.tecdmx.org.mx\/wp-content\/uploads\/2024\/03\/manita-1536x1536.jpeg 1536w, https:\/\/www.tecdmx.org.mx\/wp-content\/uploads\/2024\/03\/manita.jpeg 1600w\" sizes=\"(max-width: 1600px) 100vw, 1600px\" \/><\/a><\/figure>\n","protected":false},"excerpt":{"rendered":"<p>Elecci\u00f3n 2024: Visi\u00f3n de periodistas acerca de la pr\u00f3xima elecci\u00f3n presidencial Da clic sobre el libro para su consulta<\/p>\n","protected":false},"author":13,"featured_media":0,"parent":0,"menu_order":0,"comment_status":"closed","ping_status":"closed","template":"","meta":{"_acf_changed":false,"_exactmetrics_skip_tracking":false,"_exactmetrics_sitenote_active":false,"_exactmetrics_sitenote_note":"","_exactmetrics_sitenote_category":0,"footnotes":""},"acf":[],"yoast_head":"<!-- This site is optimized with the Yoast SEO plugin v22.3 - https:\/\/yoast.com\/wordpress\/plugins\/seo\/ -->\n<title>Elecci\u00f3n 2024: Visi\u00f3n de periodistas acerca de la pr\u00f3xima elecci\u00f3n presidencial - Tribunal Electoral de la Ciudad de M\u00e9xico<\/title>\n<meta name=\"robots\" content=\"index, follow, max-snippet:-1, max-image-preview:large, max-video-preview:-1\" \/>\n<link rel=\"canonical\" href=\"https:\/\/www.tecdmx.org.mx\/index.php\/eleccion-2024-vision-de-periodistas-acerca-de-la-proxima-eleccion-presidencial\/\" \/>\n<meta property=\"og:locale\" content=\"es_ES\" \/>\n<meta property=\"og:type\" content=\"article\" \/>\n<meta property=\"og:title\" content=\"Elecci\u00f3n 2024: Visi\u00f3n de periodistas acerca de la pr\u00f3xima elecci\u00f3n presidencial - Tribunal Electoral de la Ciudad de M\u00e9xico\" \/>\n<meta property=\"og:description\" content=\"Elecci\u00f3n 2024: Visi\u00f3n de periodistas acerca de la pr\u00f3xima elecci\u00f3n presidencial Da clic sobre el libro para su consulta\" \/>\n<meta property=\"og:url\" content=\"https:\/\/www.tecdmx.org.mx\/index.php\/eleccion-2024-vision-de-periodistas-acerca-de-la-proxima-eleccion-presidencial\/\" \/>\n<meta property=\"og:site_name\" content=\"Tribunal Electoral de la Ciudad de M\u00e9xico\" \/>\n<meta property=\"article:publisher\" content=\"https:\/\/www.facebook.com\/TECDMX\/\" \/>\n<meta property=\"article:modified_time\" content=\"2024-07-24T18:21:54+00:00\" \/>\n<meta property=\"og:image\" content=\"https:\/\/www.tecdmx.org.mx\/wp-content\/uploads\/2024\/03\/manita.jpeg\" \/>\n<meta name=\"twitter:card\" content=\"summary_large_image\" \/>\n<meta name=\"twitter:site\" content=\"@tecdmx\" \/>\n<meta name=\"twitter:label1\" content=\"Tiempo de lectura\" \/>\n\t<meta name=\"twitter:data1\" content=\"1 minuto\" \/>\n<script type=\"application\/ld+json\" class=\"yoast-schema-graph\">{\"@context\":\"https:\/\/schema.org\",\"@graph\":[{\"@type\":\"WebPage\",\"@id\":\"https:\/\/www.tecdmx.org.mx\/index.php\/eleccion-2024-vision-de-periodistas-acerca-de-la-proxima-eleccion-presidencial\/\",\"url\":\"https:\/\/www.tecdmx.org.mx\/index.php\/eleccion-2024-vision-de-periodistas-acerca-de-la-proxima-eleccion-presidencial\/\",\"name\":\"Elecci\u00f3n 2024: Visi\u00f3n de periodistas acerca de la pr\u00f3xima elecci\u00f3n presidencial - Tribunal Electoral de la Ciudad de M\u00e9xico\",\"isPartOf\":{\"@id\":\"https:\/\/www.tecdmx.org.mx\/#website\"},\"primaryImageOfPage\":{\"@id\":\"https:\/\/www.tecdmx.org.mx\/index.php\/eleccion-2024-vision-de-periodistas-acerca-de-la-proxima-eleccion-presidencial\/#primaryimage\"},\"image\":{\"@id\":\"https:\/\/www.tecdmx.org.mx\/index.php\/eleccion-2024-vision-de-periodistas-acerca-de-la-proxima-eleccion-presidencial\/#primaryimage\"},\"thumbnailUrl\":\"https:\/\/www.tecdmx.org.mx\/wp-content\/uploads\/2024\/03\/manita.jpeg\",\"datePublished\":\"2024-03-22T15:15:01+00:00\",\"dateModified\":\"2024-07-24T18:21:54+00:00\",\"breadcrumb\":{\"@id\":\"https:\/\/www.tecdmx.org.mx\/index.php\/eleccion-2024-vision-de-periodistas-acerca-de-la-proxima-eleccion-presidencial\/#breadcrumb\"},\"inLanguage\":\"es\",\"potentialAction\":[{\"@type\":\"ReadAction\",\"target\":[\"https:\/\/www.tecdmx.org.mx\/index.php\/eleccion-2024-vision-de-periodistas-acerca-de-la-proxima-eleccion-presidencial\/\"]}]},{\"@type\":\"ImageObject\",\"inLanguage\":\"es\",\"@id\":\"https:\/\/www.tecdmx.org.mx\/index.php\/eleccion-2024-vision-de-periodistas-acerca-de-la-proxima-eleccion-presidencial\/#primaryimage\",\"url\":\"https:\/\/www.tecdmx.org.mx\/wp-content\/uploads\/2024\/03\/manita.jpeg\",\"contentUrl\":\"https:\/\/www.tecdmx.org.mx\/wp-content\/uploads\/2024\/03\/manita.jpeg\",\"width\":1600,\"height\":1600},{\"@type\":\"BreadcrumbList\",\"@id\":\"https:\/\/www.tecdmx.org.mx\/index.php\/eleccion-2024-vision-de-periodistas-acerca-de-la-proxima-eleccion-presidencial\/#breadcrumb\",\"itemListElement\":[{\"@type\":\"ListItem\",\"position\":1,\"name\":\"Portada\",\"item\":\"https:\/\/www.tecdmx.org.mx\/\"},{\"@type\":\"ListItem\",\"position\":2,\"name\":\"Elecci\u00f3n 2024: Visi\u00f3n de periodistas acerca de la pr\u00f3xima elecci\u00f3n presidencial\"}]},{\"@type\":\"WebSite\",\"@id\":\"https:\/\/www.tecdmx.org.mx\/#website\",\"url\":\"https:\/\/www.tecdmx.org.mx\/\",\"name\":\"Tribunal Electoral de la Ciudad de M\u00e9xico\",\"description\":\"25 a\u00f1os garantizando justicia en tu elecci\u00f3n\",\"potentialAction\":[{\"@type\":\"SearchAction\",\"target\":{\"@type\":\"EntryPoint\",\"urlTemplate\":\"https:\/\/www.tecdmx.org.mx\/?s={search_term_string}\"},\"query-input\":\"required name=search_term_string\"}],\"inLanguage\":\"es\"}]}<\/script>\n<!-- \/ Yoast SEO plugin. -->","yoast_head_json":{"title":"Elecci\u00f3n 2024: Visi\u00f3n de periodistas acerca de la pr\u00f3xima elecci\u00f3n presidencial - Tribunal Electoral de la Ciudad de M\u00e9xico","robots":{"index":"index","follow":"follow","max-snippet":"max-snippet:-1","max-image-preview":"max-image-preview:large","max-video-preview":"max-video-preview:-1"},"canonical":"https:\/\/www.tecdmx.org.mx\/index.php\/eleccion-2024-vision-de-periodistas-acerca-de-la-proxima-eleccion-presidencial\/","og_locale":"es_ES","og_type":"article","og_title":"Elecci\u00f3n 2024: Visi\u00f3n de periodistas acerca de la pr\u00f3xima elecci\u00f3n presidencial - Tribunal Electoral de la Ciudad de M\u00e9xico","og_description":"Elecci\u00f3n 2024: Visi\u00f3n de periodistas acerca de la pr\u00f3xima elecci\u00f3n presidencial Da clic sobre el libro para su consulta","og_url":"https:\/\/www.tecdmx.org.mx\/index.php\/eleccion-2024-vision-de-periodistas-acerca-de-la-proxima-eleccion-presidencial\/","og_site_name":"Tribunal Electoral de la Ciudad de M\u00e9xico","article_publisher":"https:\/\/www.facebook.com\/TECDMX\/","article_modified_time":"2024-07-24T18:21:54+00:00","og_image":[{"url":"https:\/\/www.tecdmx.org.mx\/wp-content\/uploads\/2024\/03\/manita.jpeg"}],"twitter_card":"summary_large_image","twitter_site":"@tecdmx","twitter_misc":{"Tiempo de lectura":"1 minuto"},"schema":{"@context":"https:\/\/schema.org","@graph":[{"@type":"WebPage","@id":"https:\/\/www.tecdmx.org.mx\/index.php\/eleccion-2024-vision-de-periodistas-acerca-de-la-proxima-eleccion-presidencial\/","url":"https:\/\/www.tecdmx.org.mx\/index.php\/eleccion-2024-vision-de-periodistas-acerca-de-la-proxima-eleccion-presidencial\/","name":"Elecci\u00f3n 2024: Visi\u00f3n de periodistas acerca de la pr\u00f3xima elecci\u00f3n presidencial - Tribunal Electoral de la Ciudad de M\u00e9xico","isPartOf":{"@id":"https:\/\/www.tecdmx.org.mx\/#website"},"primaryImageOfPage":{"@id":"https:\/\/www.tecdmx.org.mx\/index.php\/eleccion-2024-vision-de-periodistas-acerca-de-la-proxima-eleccion-presidencial\/#primaryimage"},"image":{"@id":"https:\/\/www.tecdmx.org.mx\/index.php\/eleccion-2024-vision-de-periodistas-acerca-de-la-proxima-eleccion-presidencial\/#primaryimage"},"thumbnailUrl":"https:\/\/www.tecdmx.org.mx\/wp-content\/uploads\/2024\/03\/manita.jpeg","datePublished":"2024-03-22T15:15:01+00:00","dateModified":"2024-07-24T18:21:54+00:00","breadcrumb":{"@id":"https:\/\/www.tecdmx.org.mx\/index.php\/eleccion-2024-vision-de-periodistas-acerca-de-la-proxima-eleccion-presidencial\/#breadcrumb"},"inLanguage":"es","potentialAction":[{"@type":"ReadAction","target":["https:\/\/www.tecdmx.org.mx\/index.php\/eleccion-2024-vision-de-periodistas-acerca-de-la-proxima-eleccion-presidencial\/"]}]},{"@type":"ImageObject","inLanguage":"es","@id":"https:\/\/www.tecdmx.org.mx\/index.php\/eleccion-2024-vision-de-periodistas-acerca-de-la-proxima-eleccion-presidencial\/#primaryimage","url":"https:\/\/www.tecdmx.org.mx\/wp-content\/uploads\/2024\/03\/manita.jpeg","contentUrl":"https:\/\/www.tecdmx.org.mx\/wp-content\/uploads\/2024\/03\/manita.jpeg","width":1600,"height":1600},{"@type":"BreadcrumbList","@id":"https:\/\/www.tecdmx.org.mx\/index.php\/eleccion-2024-vision-de-periodistas-acerca-de-la-proxima-eleccion-presidencial\/#breadcrumb","itemListElement":[{"@type":"ListItem","position":1,"name":"Portada","item":"https:\/\/www.tecdmx.org.mx\/"},{"@type":"ListItem","position":2,"name":"Elecci\u00f3n 2024: Visi\u00f3n de periodistas acerca de la pr\u00f3xima elecci\u00f3n presidencial"}]},{"@type":"WebSite","@id":"https:\/\/www.tecdmx.org.mx\/#website","url":"https:\/\/www.tecdmx.org.mx\/","name":"Tribunal Electoral de la Ciudad de M\u00e9xico","description":"25 a\u00f1os garantizando justicia en tu elecci\u00f3n","potentialAction":[{"@type":"SearchAction","target":{"@type":"EntryPoint","urlTemplate":"https:\/\/www.tecdmx.org.mx\/?s={search_term_string}"},"query-input":"required name=search_term_string"}],"inLanguage":"es"}]}},"_links":{"self":[{"href":"https:\/\/www.tecdmx.org.mx\/index.php\/wp-json\/wp\/v2\/pages\/46834"}],"collection":[{"href":"https:\/\/www.tecdmx.org.mx\/index.php\/wp-json\/wp\/v2\/pages"}],"about":[{"href":"https:\/\/www.tecdmx.org.mx\/index.php\/wp-json\/wp\/v2\/types\/page"}],"author":[{"embeddable":true,"href":"https:\/\/www.tecdmx.org.mx\/index.php\/wp-json\/wp\/v2\/users\/13"}],"replies":[{"embeddable":true,"href":"https:\/\/www.tecdmx.org.mx\/index.php\/wp-json\/wp\/v2\/comments?post=46834"}],"version-history":[{"count":4,"href":"https:\/\/www.tecdmx.org.mx\/index.php\/wp-json\/wp\/v2\/pages\/46834\/revisions"}],"predecessor-version":[{"id":51483,"href":"https:\/\/www.tecdmx.org.mx\/index.php\/wp-json\/wp\/v2\/pages\/46834\/revisions\/51483"}],"wp:attachment":[{"href":"https:\/\/www.tecdmx.org.mx\/index.php\/wp-json\/wp\/v2\/media?parent=46834"}],"curies":[{"name":"wp","href":"https:\/\/api.w.org\/{rel}","templated":true}]}}